{"id":1624,"date":"2021-12-28T20:01:20","date_gmt":"2021-12-28T23:01:20","guid":{"rendered":"https:\/\/www.brahmakumaris.org.br\/deus\/?page_id=1624"},"modified":"2022-02-12T14:32:52","modified_gmt":"2022-02-12T17:32:52","slug":"experiencias","status":"publish","type":"page","link":"https:\/\/www.brahmakumaris.org.br\/deus\/experiencias\/","title":{"rendered":"Experi\u00eancias Pessoais"},"content":{"rendered":"\t\t<div data-elementor-type=\"wp-page\" data-elementor-id=\"1624\" class=\"elementor elementor-1624\" data-elementor-settings=\"[]\">\n\t\t\t\t\t\t\t<div class=\"elementor-section-wrap\">\n\t\t\t\t\t\t\t<header class=\"elementor-section elementor-top-section elementor-element elementor-element-7968cfa3 elementor-section-full_width elementor-section-height-min-height elementor-section-items-top elementor-section-content-middle she-header-yes she-header-hide-on-scroll-yes elementor-section-height-default\" data-id=\"7968cfa3\" data-element_type=\"section\" data-settings=\"{&quot;transparent&quot;:&quot;yes&quot;,&quot;scroll_distance_tablet&quot;:{&quot;unit&quot;:&quot;px&quot;,&quot;size&quot;:45,&quot;sizes&quot;:[]},&quot;scroll_distance_mobile&quot;:{&quot;unit&quot;:&quot;px&quot;,&quot;size&quot;:45,&quot;sizes&quot;:[]},&quot;hide_header&quot;:&quot;yes&quot;,&quot;animation&quot;:&quot;none&quot;,&quot;background_background&quot;:&quot;classic&quot;,&quot;_ha_eqh_enable&quot;:false,&quot;transparent_on&quot;:[&quot;desktop&quot;,&quot;tablet&quot;,&quot;mobile&quot;],&quot;scroll_distance&quot;:{&quot;unit&quot;:&quot;px&quot;,&quot;size&quot;:60,&quot;sizes&quot;:[]},&quot;scroll_distance_hide_header&quot;:{&quot;unit&quot;:&quot;px&quot;,&quot;size&quot;:500,&quot;sizes&quot;:[]},&quot;scroll_distance_hide_header_tablet&quot;:{&quot;unit&quot;:&quot;px&quot;,&quot;size&quot;:&quot;&quot;,&quot;sizes&quot;:[]},&quot;scroll_distance_hide_header_mobile&quot;:{&quot;unit&quot;:&quot;px&quot;,&quot;size&quot;:&quot;&quot;,&quot;sizes&quot;:[]}}\">\n\t\t\t\t\t\t<div class=\"elementor-container elementor-column-gap-no\">\n\t\t\t\t\t<div class=\"elementor-column elementor-col-50 elementor-top-column elementor-element elementor-element-7c177e7f\" data-id=\"7c177e7f\" data-element_type=\"column\" data-settings=\"{&quot;background_background&quot;:&quot;classic&quot;}\">\n\t\t\t<div class=\"elementor-widget-wrap elementor-element-populated\">\n\t\t\t\t\t\t\t\t<div class=\"elementor-element elementor-element-1c37ca99 elementor-hidden-phone elementor-widget elementor-widget-image\" data-id=\"1c37ca99\" data-element_type=\"widget\" data-settings=\"{&quot;ha_floating_fx&quot;:&quot;yes&quot;}\" data-widget_type=\"image.default\">\n\t\t\t\t<div class=\"elementor-widget-container\">\n\t\t\t\t\t\t\t\t\t\t\t\t\t\t\t\t<a href=\"https:\/\/www.brahmakumaris.org.br\/\">\n\t\t\t\t\t\t\t<img width=\"1060\" height=\"243\" src=\"https:\/\/www.brahmakumaris.org.br\/deus\/wp-content\/uploads\/2021\/07\/LOGO-BK-RGB-horizontal.png\" class=\"attachment-full size-full\" alt=\"\" loading=\"lazy\" srcset=\"https:\/\/www.brahmakumaris.org.br\/deus\/wp-content\/uploads\/2021\/07\/LOGO-BK-RGB-horizontal.png 1060w, https:\/\/www.brahmakumaris.org.br\/deus\/wp-content\/uploads\/2021\/07\/LOGO-BK-RGB-horizontal-300x69.png 300w, https:\/\/www.brahmakumaris.org.br\/deus\/wp-content\/uploads\/2021\/07\/LOGO-BK-RGB-horizontal-1024x235.png 1024w, https:\/\/www.brahmakumaris.org.br\/deus\/wp-content\/uploads\/2021\/07\/LOGO-BK-RGB-horizontal-768x176.png 768w\" sizes=\"(max-width: 1060px) 100vw, 1060px\" \/>\t\t\t\t\t\t\t\t<\/a>\n\t\t\t\t\t\t\t\t\t\t\t\t\t\t\t<\/div>\n\t\t\t\t<\/div>\n\t\t\t\t<div class=\"elementor-element elementor-element-7990ccc elementor-widget-mobile__width-auto elementor-absolute elementor-hidden-desktop elementor-hidden-tablet elementor-widget elementor-widget-image\" data-id=\"7990ccc\" data-element_type=\"widget\" data-settings=\"{&quot;ha_floating_fx&quot;:&quot;yes&quot;,&quot;_position&quot;:&quot;absolute&quot;}\" data-widget_type=\"image.default\">\n\t\t\t\t<div class=\"elementor-widget-container\">\n\t\t\t\t\t\t\t\t\t\t\t\t\t\t\t\t<a href=\"https:\/\/www.brahmakumaris.org.br\/\">\n\t\t\t\t\t\t\t<img src=\"https:\/\/www.brahmakumaris.org.br\/deus\/wp-content\/uploads\/elementor\/thumbs\/logo-bk-simbolo-qtkt58q1be2bm7teors7u6mdbk4heknn2qchhdey0w.png\" title=\"logo-bk-simbolo\" alt=\"logo-bk-simbolo\" \/>\t\t\t\t\t\t\t\t<\/a>\n\t\t\t\t\t\t\t\t\t\t\t\t\t\t\t<\/div>\n\t\t\t\t<\/div>\n\t\t\t\t\t<\/div>\n\t\t<\/div>\n\t\t\t\t<div class=\"elementor-column elementor-col-50 elementor-top-column elementor-element elementor-element-26e552c1\" data-id=\"26e552c1\" data-element_type=\"column\">\n\t\t\t<div class=\"elementor-widget-wrap elementor-element-populated\">\n\t\t\t\t\t\t\t\t<div class=\"elementor-element elementor-element-7483e1eb hfe-menu-item-flex-end elementor-absolute hfe-menu-item-flex-end hfe-submenu-icon-arrow hfe-link-redirect-child elementor-widget elementor-widget-navigation-menu\" data-id=\"7483e1eb\" data-element_type=\"widget\" data-settings=\"{&quot;hamburger_align&quot;:&quot;right&quot;,&quot;hamburger_menu_align&quot;:&quot;flex-end&quot;,&quot;ha_floating_fx&quot;:&quot;yes&quot;,&quot;_position&quot;:&quot;absolute&quot;,&quot;hamburger_align_mobile&quot;:&quot;right&quot;,&quot;hamburger_menu_align_mobile&quot;:&quot;flex-end&quot;,&quot;padding_horizontal_dropdown_item&quot;:{&quot;unit&quot;:&quot;px&quot;,&quot;size&quot;:10,&quot;sizes&quot;:[]},&quot;dropdown_border_radius&quot;:{&quot;unit&quot;:&quot;px&quot;,&quot;top&quot;:&quot;&quot;,&quot;right&quot;:&quot;&quot;,&quot;bottom&quot;:&quot;&quot;,&quot;left&quot;:&quot;&quot;,&quot;isLinked&quot;:true},&quot;dropdown_border_radius_tablet&quot;:{&quot;unit&quot;:&quot;px&quot;,&quot;top&quot;:&quot;&quot;,&quot;right&quot;:&quot;&quot;,&quot;bottom&quot;:&quot;&quot;,&quot;left&quot;:&quot;&quot;,&quot;isLinked&quot;:true},&quot;dropdown_border_radius_mobile&quot;:{&quot;unit&quot;:&quot;px&quot;,&quot;top&quot;:&quot;&quot;,&quot;right&quot;:&quot;&quot;,&quot;bottom&quot;:&quot;&quot;,&quot;left&quot;:&quot;&quot;,&quot;isLinked&quot;:true},&quot;padding_horizontal_dropdown_item_tablet&quot;:{&quot;unit&quot;:&quot;px&quot;,&quot;size&quot;:&quot;&quot;,&quot;sizes&quot;:[]},&quot;padding_horizontal_dropdown_item_mobile&quot;:{&quot;unit&quot;:&quot;px&quot;,&quot;size&quot;:&quot;&quot;,&quot;sizes&quot;:[]},&quot;padding_vertical_dropdown_item&quot;:{&quot;unit&quot;:&quot;px&quot;,&quot;size&quot;:15,&quot;sizes&quot;:[]},&quot;padding_vertical_dropdown_item_tablet&quot;:{&quot;unit&quot;:&quot;px&quot;,&quot;size&quot;:&quot;&quot;,&quot;sizes&quot;:[]},&quot;padding_vertical_dropdown_item_mobile&quot;:{&quot;unit&quot;:&quot;px&quot;,&quot;size&quot;:&quot;&quot;,&quot;sizes&quot;:[]},&quot;distance_from_menu&quot;:{&quot;unit&quot;:&quot;px&quot;,&quot;size&quot;:&quot;&quot;,&quot;sizes&quot;:[]},&quot;distance_from_menu_tablet&quot;:{&quot;unit&quot;:&quot;px&quot;,&quot;size&quot;:&quot;&quot;,&quot;sizes&quot;:[]},&quot;distance_from_menu_mobile&quot;:{&quot;unit&quot;:&quot;px&quot;,&quot;size&quot;:&quot;&quot;,&quot;sizes&quot;:[]},&quot;toggle_size&quot;:{&quot;unit&quot;:&quot;px&quot;,&quot;size&quot;:&quot;&quot;,&quot;sizes&quot;:[]},&quot;toggle_size_tablet&quot;:{&quot;unit&quot;:&quot;px&quot;,&quot;size&quot;:&quot;&quot;,&quot;sizes&quot;:[]},&quot;toggle_size_mobile&quot;:{&quot;unit&quot;:&quot;px&quot;,&quot;size&quot;:&quot;&quot;,&quot;sizes&quot;:[]},&quot;toggle_border_width&quot;:{&quot;unit&quot;:&quot;px&quot;,&quot;size&quot;:&quot;&quot;,&quot;sizes&quot;:[]},&quot;toggle_border_width_tablet&quot;:{&quot;unit&quot;:&quot;px&quot;,&quot;size&quot;:&quot;&quot;,&quot;sizes&quot;:[]},&quot;toggle_border_width_mobile&quot;:{&quot;unit&quot;:&quot;px&quot;,&quot;size&quot;:&quot;&quot;,&quot;sizes&quot;:[]},&quot;toggle_border_radius&quot;:{&quot;unit&quot;:&quot;px&quot;,&quot;size&quot;:&quot;&quot;,&quot;sizes&quot;:[]},&quot;toggle_border_radius_tablet&quot;:{&quot;unit&quot;:&quot;px&quot;,&quot;size&quot;:&quot;&quot;,&quot;sizes&quot;:[]},&quot;toggle_border_radius_mobile&quot;:{&quot;unit&quot;:&quot;px&quot;,&quot;size&quot;:&quot;&quot;,&quot;sizes&quot;:[]}}\" data-widget_type=\"navigation-menu.default\">\n\t\t\t\t<div class=\"elementor-widget-container\">\n\t\t\t\t\t\t<div class=\"hfe-nav-menu hfe-layout-expandible hfe-nav-menu-layout expandible\" data-layout=\"expandible\">\n\t\t\t\t<div class=\"hfe-nav-menu__toggle elementor-clickable\">\n\t\t\t\t\t<div class=\"hfe-nav-menu-icon\">\n\t\t\t\t\t\t<i aria-hidden=\"true\" tabindex=\"0\" class=\"fas fa-align-justify\"><\/i>\t\t\t\t\t<\/div>\n\t\t\t\t<\/div>\n\t\t\t\t<nav class=\"hfe-dropdown-expandible hfe-nav-menu__layout-expandible hfe-nav-menu__submenu-arrow\" data-toggle-icon=\"&lt;i aria-hidden=&quot;true&quot; tabindex=&quot;0&quot; class=&quot;fas fa-align-justify&quot;&gt;&lt;\/i&gt;\" data-close-icon=\"&lt;i aria-hidden=&quot;true&quot; tabindex=&quot;0&quot; class=&quot;far fa-window-close&quot;&gt;&lt;\/i&gt;\" data-full-width=\"yes\"><ul id=\"menu-1-7483e1eb\" class=\"hfe-nav-menu\"><li id=\"menu-item-418\" class=\"menu-item menu-item-type-post_type menu-item-object-page menu-item-home parent hfe-creative-menu\"><a href=\"https:\/\/www.brahmakumaris.org.br\/deus\/\" class = \"hfe-menu-item\">Abertura<\/a><\/li>\n<li id=\"menu-item-1882\" class=\"menu-item menu-item-type-post_type menu-item-object-page parent hfe-creative-menu\"><a href=\"https:\/\/www.brahmakumaris.org.br\/deus\/introducao\/\" class = \"hfe-menu-item\">Introdu\u00e7\u00e3o<\/a><\/li>\n<li id=\"menu-item-445\" class=\"menu-item menu-item-type-post_type menu-item-object-page parent hfe-creative-menu\"><a href=\"https:\/\/www.brahmakumaris.org.br\/deus\/as-qualidades-de-deus\/\" class = \"hfe-menu-item\">As Qualidades de Deus<\/a><\/li>\n<li id=\"menu-item-1614\" class=\"menu-item menu-item-type-post_type menu-item-object-page parent hfe-creative-menu\"><a href=\"https:\/\/www.brahmakumaris.org.br\/deus\/faces-de-deus\/\" class = \"hfe-menu-item\">As Faces de Deus<\/a><\/li>\n<li id=\"menu-item-1625\" class=\"menu-item menu-item-type-post_type menu-item-object-page parent hfe-creative-menu\"><a href=\"https:\/\/www.brahmakumaris.org.br\/deus\/experiencias\/\" class = \"hfe-menu-item\">Experi\u00eancias Pessoais<\/a><\/li>\n<li id=\"menu-item-1622\" class=\"menu-item menu-item-type-post_type menu-item-object-page parent hfe-creative-menu\"><a href=\"https:\/\/www.brahmakumaris.org.br\/deus\/meditacoes\/\" class = \"hfe-menu-item\">Medita\u00e7\u00f5es<\/a><\/li>\n<li id=\"menu-item-1879\" class=\"menu-item menu-item-type-post_type menu-item-object-page parent hfe-creative-menu\"><a href=\"https:\/\/www.brahmakumaris.org.br\/deus\/creditos\/\" class = \"hfe-menu-item\">Cr\u00e9ditos<\/a><\/li>\n<\/ul><\/nav>              \n\t\t\t<\/div>\n\t\t\t\t\t<\/div>\n\t\t\t\t<\/div>\n\t\t\t\t\t<\/div>\n\t\t<\/div>\n\t\t\t\t\t\t\t<\/div>\n\t\t<\/header>\n\t\t\t\t<section class=\"elementor-section elementor-top-section elementor-element elementor-element-fa1a48f elementor-section-full_width elementor-section-height-default elementor-section-height-default\" data-id=\"fa1a48f\" data-element_type=\"section\" data-settings=\"{&quot;_ha_eqh_enable&quot;:false}\">\n\t\t\t\t\t\t<div class=\"elementor-container elementor-column-gap-default\">\n\t\t\t\t\t<div class=\"elementor-column elementor-col-100 elementor-top-column elementor-element elementor-element-1f5844b\" data-id=\"1f5844b\" data-element_type=\"column\">\n\t\t\t<div class=\"elementor-widget-wrap elementor-element-populated\">\n\t\t\t\t\t\t\t\t<div class=\"elementor-element elementor-element-8b0f524 elementor-widget elementor-widget-heading\" data-id=\"8b0f524\" data-element_type=\"widget\" data-widget_type=\"heading.default\">\n\t\t\t\t<div class=\"elementor-widget-container\">\n\t\t\t<h1 class=\"elementor-heading-title elementor-size-default\">Experi\u00eancias Pessoais\u200b<\/h1>\t\t<\/div>\n\t\t\t\t<\/div>\n\t\t\t\t<div class=\"elementor-element elementor-element-5444e05 elementor-widget elementor-widget-text-editor\" data-id=\"5444e05\" data-element_type=\"widget\" data-widget_type=\"text-editor.default\">\n\t\t\t\t<div class=\"elementor-widget-container\">\n\t\t\t\t\t\t\tDepoimentos de alguns professores da Brahma Kumaris\t\t\t\t\t\t<\/div>\n\t\t\t\t<\/div>\n\t\t\t\t<div class=\"elementor-element elementor-element-520de91 elementor-widget elementor-widget-bdt-accordion\" data-id=\"520de91\" data-element_type=\"widget\" data-widget_type=\"bdt-accordion.default\">\n\t\t\t\t<div class=\"elementor-widget-container\">\n\t\t\t        <div class=\"bdt-accordion-container\">\r\n            <div id=\"bdt-accordion-520de91\" class=\"bdt-accordion\" data-bdt-accordion=\"{&quot;collapsible&quot;:true,&quot;multiple&quot;:false,&quot;transition&quot;:&quot;ease-in-out&quot;}\" data-settings=\"{&quot;id&quot;:&quot;bdt-accordion-520de91&quot;,&quot;activeHash&quot;:&quot;&quot;,&quot;activeScrollspy&quot;:null,&quot;hashTopOffset&quot;:false,&quot;hashScrollspyTime&quot;:false}\">\r\n                                    <div class=\"bdt-accordion-item\">\r\n                        <div class=\"bdt-accordion-title bdt-flex bdt-flex-middle bdt-flex-between\" id=\"bdt-accordion-ricardo-hamada\" data-accordion-index=\"0\" data-title=\"ricardo-hamada\" role=\"heading\">\r\n\r\n                                                            <span class=\"bdt-accordion-icon bdt-flex-align-right\" aria-hidden=\"true\">\r\n\r\n                                                                            <span class=\"bdt-accordion-icon-closed\">\r\n                                            <i aria-hidden=\"true\" class=\"fa-fw fas fa-plus\"><\/i>                                        <\/span>\r\n                                    \r\n                                                                            <span class=\"bdt-accordion-icon-opened\">\r\n                                            <i aria-hidden=\"true\" class=\"fa-fw fas fa-minus\"><\/i>                                        <\/span>\r\n                                    \r\n                                <\/span>\r\n                            \r\n                            <span class=\"bdt-title bdt-flex bdt-flex-middle\">\r\n\r\n                                                                Ricardo Hamada                            <\/span>\r\n\r\n                        <\/div>\r\n                        <div class=\"bdt-accordion-content\">\r\n                            <blockquote><p>\u201cSomos seres espirituais, vivendo uma experi\u00eancia corp\u00f3rea. Somos a energia consciente que move este corpo. E do mesmo modo Deus tamb\u00e9m \u00e9 energia consciente, mas n\u00e3o tem um corpo.<\/p><p>Somos estrelas de energia consciente e dessa forma, somos imagem e semelhan\u00e7a. Temos a mesma forma, tamanho e luz. Deus \u00e9 sempre pleno. N\u00f3s ao longo da nossa exist\u00eancia e jornada, nos perdemos e nos enfraquecemos. Ao reconhecermos Deus e nos conectarmos com Ele, nos encontramos e nos abastecemos.<\/p><p>Desde que reconheci Deus dessa forma, todos os dias me conecto a Ele. E todo dia, em cada momento, mesmo que um breve segundo me ligo a essa energia Pura, Viva e Fonte de amor.\u201d<\/p><\/blockquote><p>\u00a0<\/p><p><strong>Ricardo Hamada<\/strong>, analista de sistemas, aluno e volunt\u00e1rio da Brahma Kumaris em S\u00e3o Paulo\/SP.<\/p>                        <\/div>\r\n                    <\/div>\r\n                                    <div class=\"bdt-accordion-item\">\r\n                        <div class=\"bdt-accordion-title bdt-flex bdt-flex-middle bdt-flex-between\" id=\"bdt-accordion-claudia-nakabashi\" data-accordion-index=\"1\" data-title=\"claudia-nakabashi\" role=\"heading\">\r\n\r\n                                                            <span class=\"bdt-accordion-icon bdt-flex-align-right\" aria-hidden=\"true\">\r\n\r\n                                                                            <span class=\"bdt-accordion-icon-closed\">\r\n                                            <i aria-hidden=\"true\" class=\"fa-fw fas fa-plus\"><\/i>                                        <\/span>\r\n                                    \r\n                                                                            <span class=\"bdt-accordion-icon-opened\">\r\n                                            <i aria-hidden=\"true\" class=\"fa-fw fas fa-minus\"><\/i>                                        <\/span>\r\n                                    \r\n                                <\/span>\r\n                            \r\n                            <span class=\"bdt-title bdt-flex bdt-flex-middle\">\r\n\r\n                                                                Claudia Nakabashi                            <\/span>\r\n\r\n                        <\/div>\r\n                        <div class=\"bdt-accordion-content\">\r\n                            <blockquote><p>\u201cSempre pensei em Deus como um Ser de bondade infinita! Quando fiz o curso de medita\u00e7\u00e3o Raja Yoga, a aula sobre Deus foi para mim a mais especial, pois descobri que Ele era realmente como eu sempre imaginei&#8230; uma Luz eterna e constante de Amor, Paz e Felicidade!<\/p><p>Desde ent\u00e3o, Ele \u00e9 meu Companheiro nessa jornada t\u00e3o especial, um Pai que tem tanto amor pelos seus filhos, uma M\u00e3e que est\u00e1 sempre dispon\u00edvel para me acolher e um Amigo que me aceita exatamente como sou.<\/p><p>Ele me inspira a ser melhor a cada dia, a enfrentar as dificuldades com coragem e a compartilhar felicidade com as pessoas e com o mundo! Me sinto muito especial por Deus ter me encontrado!\u201d<\/p><\/blockquote><p>\u00a0<\/p><p><strong>Claudia Nakabashi<\/strong>, m\u00e9dica, aluna e volunt\u00e1ria da Brahma Kumaris em S\u00e3o Paulo\/SP.<\/p>                        <\/div>\r\n                    <\/div>\r\n                                    <div class=\"bdt-accordion-item\">\r\n                        <div class=\"bdt-accordion-title bdt-flex bdt-flex-middle bdt-flex-between\" id=\"bdt-accordion-andria-alves-de-oliveira\" data-accordion-index=\"2\" data-title=\"andr-ia-alves-de-oliveira\" role=\"heading\">\r\n\r\n                                                            <span class=\"bdt-accordion-icon bdt-flex-align-right\" aria-hidden=\"true\">\r\n\r\n                                                                            <span class=\"bdt-accordion-icon-closed\">\r\n                                            <i aria-hidden=\"true\" class=\"fa-fw fas fa-plus\"><\/i>                                        <\/span>\r\n                                    \r\n                                                                            <span class=\"bdt-accordion-icon-opened\">\r\n                                            <i aria-hidden=\"true\" class=\"fa-fw fas fa-minus\"><\/i>                                        <\/span>\r\n                                    \r\n                                <\/span>\r\n                            \r\n                            <span class=\"bdt-title bdt-flex bdt-flex-middle\">\r\n\r\n                                                                Andr\u00e9ia Alves de Oliveira                            <\/span>\r\n\r\n                        <\/div>\r\n                        <div class=\"bdt-accordion-content\">\r\n                            <blockquote><p>\u201cO sentimento que tenho \u00e9 que Deus v\u00ea tanto potencial em mim, mais do que eu mesma possa enxergar. Sua vis\u00e3o benevolente e de longo alcance me capacita realizar o empenho necess\u00e1rio para alcan\u00e7ar o meu desejo mais puro que \u00e9 me tornar um ser humano melhor. \u00c9 como se fosse uma m\u00e3e segurando minhas m\u00e3os e me estimulando a dar meus primeiros passos, sabendo que no futuro minhas pernas ser\u00e3o fortes e capazes de percorrer longas dist\u00e2ncias.<\/p><p>Obrigada, querido Deus, por acreditar em mim!\u201d<\/p><\/blockquote><p>\u00a0<\/p><p><strong>Andr\u00e9ia Alves de Oliveira<\/strong>, funcion\u00e1ria p\u00fablica e professora de Raja Yoga, Salvador\/BA.<\/p>                        <\/div>\r\n                    <\/div>\r\n                                    <div class=\"bdt-accordion-item\">\r\n                        <div class=\"bdt-accordion-title bdt-flex bdt-flex-middle bdt-flex-between\" id=\"bdt-accordion-sumiko-namba\" data-accordion-index=\"3\" data-title=\"sumiko-namba\" role=\"heading\">\r\n\r\n                                                            <span class=\"bdt-accordion-icon bdt-flex-align-right\" aria-hidden=\"true\">\r\n\r\n                                                                            <span class=\"bdt-accordion-icon-closed\">\r\n                                            <i aria-hidden=\"true\" class=\"fa-fw fas fa-plus\"><\/i>                                        <\/span>\r\n                                    \r\n                                                                            <span class=\"bdt-accordion-icon-opened\">\r\n                                            <i aria-hidden=\"true\" class=\"fa-fw fas fa-minus\"><\/i>                                        <\/span>\r\n                                    \r\n                                <\/span>\r\n                            \r\n                            <span class=\"bdt-title bdt-flex bdt-flex-middle\">\r\n\r\n                                                                Sumiko Namba                            <\/span>\r\n\r\n                        <\/div>\r\n                        <div class=\"bdt-accordion-content\">\r\n                            <blockquote><p>\u201cDesde crian\u00e7a eu acreditava em Deus, mas me relacionava com Ele como um mendigo, sempre pedindo algo. Depois que tive o conhecimento do Raja Yoga meu relacionamento mudou. Tornou-se muito pr\u00f3ximo. Ele \u00e9 meu Pai, minha M\u00e3e, meu Amigo, meu \u00danico suporte&#8230; sempre dispon\u00edvel, Aquele que tornou minha vida t\u00e3o valiosa.<\/p><p>Experimento uma sintonia muito grande com Deus toda vez que me conecto com Ele.\u201d<\/p><\/blockquote><p>\u00a0<\/p><p><strong>Sumiko Namba<\/strong>, bi\u00f3loga, volunt\u00e1ria e aluna da Brahma Kumaris, S\u00e3o Paulo\/SP.<\/p>                        <\/div>\r\n                    <\/div>\r\n                                    <div class=\"bdt-accordion-item\">\r\n                        <div class=\"bdt-accordion-title bdt-flex bdt-flex-middle bdt-flex-between\" id=\"bdt-accordion-carlos-moeller\" data-accordion-index=\"4\" data-title=\"carlos-moeller\" role=\"heading\">\r\n\r\n                                                            <span class=\"bdt-accordion-icon bdt-flex-align-right\" aria-hidden=\"true\">\r\n\r\n                                                                            <span class=\"bdt-accordion-icon-closed\">\r\n                                            <i aria-hidden=\"true\" class=\"fa-fw fas fa-plus\"><\/i>                                        <\/span>\r\n                                    \r\n                                                                            <span class=\"bdt-accordion-icon-opened\">\r\n                                            <i aria-hidden=\"true\" class=\"fa-fw fas fa-minus\"><\/i>                                        <\/span>\r\n                                    \r\n                                <\/span>\r\n                            \r\n                            <span class=\"bdt-title bdt-flex bdt-flex-middle\">\r\n\r\n                                                                Carlos Moeller                            <\/span>\r\n\r\n                        <\/div>\r\n                        <div class=\"bdt-accordion-content\">\r\n                            <blockquote><p>\u201cFiz um acordo com Deus&#8230;<\/p><p>Casa. Comida. Roupa lavada.<\/p><p>Casa&#8230; moro no Cora\u00e7\u00e3o Dele.<\/p><p>Comida&#8230; sou sustentado pelo Seu amor e ben\u00e7\u00e3os.<\/p><p>Roupa lavada&#8230; Ele est\u00e1 me tornando puro, com um cora\u00e7\u00e3o limpo e honesto.<\/p><p>Ando com Voc\u00ea, como com Voc\u00ea, vou morar na Sua rua<\/p><p>Moro na Fortaleza da Verdade.<\/p><p>Quem est\u00e1 com a Verdade \u00e9 destemido e brinca no balan\u00e7o da alegria suprassensorial.<\/p><p>Lar significa ponto de partida, ponto de chegada.<\/p><p>Agora estou na esta\u00e7\u00e3o de trem. Tem gente chegando, tem gente partindo&#8230; Estou voltando para o Doce Lar de Sil\u00eancio, Luz, Paz e Poder.<\/p><p>Ali, por um per\u00edodo, permane\u00e7o na forma de luz, at\u00e9 ser puxado para baixo, porque o Drama tem que girar.<\/p><p>Na Sua Companhia me torno leve e luminoso, com a sensa\u00e7\u00e3o de um p\u00e1ssaro voador.\u201d<\/p><\/blockquote><p>\u00a0<\/p><p><strong>Carlos Moeller<\/strong>, m\u00e9dico, professor de Raja Yoga (S\u00e3o Leopoldo\/RS).<\/p>                        <\/div>\r\n                    <\/div>\r\n                                    <div class=\"bdt-accordion-item\">\r\n                        <div class=\"bdt-accordion-title bdt-flex bdt-flex-middle bdt-flex-between\" id=\"bdt-accordion-sandra-munr\" data-accordion-index=\"5\" data-title=\"sandra-munr\" role=\"heading\">\r\n\r\n                                                            <span class=\"bdt-accordion-icon bdt-flex-align-right\" aria-hidden=\"true\">\r\n\r\n                                                                            <span class=\"bdt-accordion-icon-closed\">\r\n                                            <i aria-hidden=\"true\" class=\"fa-fw fas fa-plus\"><\/i>                                        <\/span>\r\n                                    \r\n                                                                            <span class=\"bdt-accordion-icon-opened\">\r\n                                            <i aria-hidden=\"true\" class=\"fa-fw fas fa-minus\"><\/i>                                        <\/span>\r\n                                    \r\n                                <\/span>\r\n                            \r\n                            <span class=\"bdt-title bdt-flex bdt-flex-middle\">\r\n\r\n                                                                Sandra Munr\u00f3                            <\/span>\r\n\r\n                        <\/div>\r\n                        <div class=\"bdt-accordion-content\">\r\n                            <blockquote><p>\u201cTreino diariamente &#8220;ser a mensagem&#8221;, principalmente nas rela\u00e7\u00f5es cotidianas desafiadoras.<\/p><p>Uso a Companhia Sagrada para treinar parar, contornar, observar e seguir adiante.<\/p><p>Sou uma aprendiz constante.\u201d<\/p><\/blockquote><p>\u00a0<\/p><p><strong>Sandra Munr\u00f3<\/strong>, m\u00e9dica, professora de Raja Yoga (Alegrete\/RS).<\/p>                        <\/div>\r\n                    <\/div>\r\n                                    <div class=\"bdt-accordion-item\">\r\n                        <div class=\"bdt-accordion-title bdt-flex bdt-flex-middle bdt-flex-between\" id=\"bdt-accordion-augusto-zimbres\" data-accordion-index=\"6\" data-title=\"augusto-zimbres\" role=\"heading\">\r\n\r\n                                                            <span class=\"bdt-accordion-icon bdt-flex-align-right\" aria-hidden=\"true\">\r\n\r\n                                                                            <span class=\"bdt-accordion-icon-closed\">\r\n                                            <i aria-hidden=\"true\" class=\"fa-fw fas fa-plus\"><\/i>                                        <\/span>\r\n                                    \r\n                                                                            <span class=\"bdt-accordion-icon-opened\">\r\n                                            <i aria-hidden=\"true\" class=\"fa-fw fas fa-minus\"><\/i>                                        <\/span>\r\n                                    \r\n                                <\/span>\r\n                            \r\n                            <span class=\"bdt-title bdt-flex bdt-flex-middle\">\r\n\r\n                                                                Augusto Zimbres                            <\/span>\r\n\r\n                        <\/div>\r\n                        <div class=\"bdt-accordion-content\">\r\n                            <blockquote><p>\u201cA medita\u00e7\u00e3o me possibilitou entender e vivenciar a experi\u00eancia de que o sentido da vida est\u00e1 no amor de Deus, em sentir e compartilhar esse amor imperec\u00edvel que me valoriza com base no que realmente sou, um pontinho de luz invis\u00edvel.\u201d<\/p><\/blockquote><p>\u00a0<\/p><p><strong>Augusto C\u00e9sar da Costa Zimbres<\/strong>, analista de RH e coordenador de jovens da BK para a Am\u00e9rica Latina (Rio de Janeiro\/RJ).<\/p>                        <\/div>\r\n                    <\/div>\r\n                                    <div class=\"bdt-accordion-item\">\r\n                        <div class=\"bdt-accordion-title bdt-flex bdt-flex-middle bdt-flex-between\" id=\"bdt-accordion-mariane-orsi\" data-accordion-index=\"7\" data-title=\"mariane-orsi\" role=\"heading\">\r\n\r\n                                                            <span class=\"bdt-accordion-icon bdt-flex-align-right\" aria-hidden=\"true\">\r\n\r\n                                                                            <span class=\"bdt-accordion-icon-closed\">\r\n                                            <i aria-hidden=\"true\" class=\"fa-fw fas fa-plus\"><\/i>                                        <\/span>\r\n                                    \r\n                                                                            <span class=\"bdt-accordion-icon-opened\">\r\n                                            <i aria-hidden=\"true\" class=\"fa-fw fas fa-minus\"><\/i>                                        <\/span>\r\n                                    \r\n                                <\/span>\r\n                            \r\n                            <span class=\"bdt-title bdt-flex bdt-flex-middle\">\r\n\r\n                                                                Mariane Orsi                            <\/span>\r\n\r\n                        <\/div>\r\n                        <div class=\"bdt-accordion-content\">\r\n                            <blockquote><p>\u201cDesde pequena eu achava que seria necess\u00e1rio morrer, deixar o corpo f\u00edsico, para se encontrar com Deus. Cada dia que passava, eu mesma me dizia com alegria, que estava mais perto desse encontro.<\/p><p>Que linda surpresa esse Drama da vida me revelou, ao estudar o Raja Yoga e ouvir, &#8216;Filho mais doce, h\u00e1 muito perdido e agora encontrado&#8217;\u2026 meu secreto desejo puro foi preenchido\u2026 encontrar Deus.<\/p><p>Meu Amor por Deus cresce mais e mais ao mergulhar nesse Doce Oceano de Amor, Paz e Felicidade Ilimitado.<\/p><p>Recebo esse presente dessa Idade da Conflu\u00eancia mais auspiciosa, de ter Deus como meu Companheiro, Pai, Professor e SatGuru, despertando minha consci\u00eancia divina agora. A maior fortuna de todas. Sinto tanto amor e gratid\u00e3o.\u201d<\/p><\/blockquote><p>\u00a0<\/p><p><strong>Mariane Orsi<\/strong>, dentista, professora de medita\u00e7\u00e3o Raja Yoga. (Vinhedo\/SP).<\/p>                        <\/div>\r\n                    <\/div>\r\n                                    <div class=\"bdt-accordion-item\">\r\n                        <div class=\"bdt-accordion-title bdt-flex bdt-flex-middle bdt-flex-between\" id=\"bdt-accordion-francis-coviello\" data-accordion-index=\"8\" data-title=\"francis-coviello\" role=\"heading\">\r\n\r\n                                                            <span class=\"bdt-accordion-icon bdt-flex-align-right\" aria-hidden=\"true\">\r\n\r\n                                                                            <span class=\"bdt-accordion-icon-closed\">\r\n                                            <i aria-hidden=\"true\" class=\"fa-fw fas fa-plus\"><\/i>                                        <\/span>\r\n                                    \r\n                                                                            <span class=\"bdt-accordion-icon-opened\">\r\n                                            <i aria-hidden=\"true\" class=\"fa-fw fas fa-minus\"><\/i>                                        <\/span>\r\n                                    \r\n                                <\/span>\r\n                            \r\n                            <span class=\"bdt-title bdt-flex bdt-flex-middle\">\r\n\r\n                                                                Francis Coviello                            <\/span>\r\n\r\n                        <\/div>\r\n                        <div class=\"bdt-accordion-content\">\r\n                            <blockquote><p>\u201cTudo que a alma precisa est\u00e1 contido em Deus\u201d. Quando ouvi essa frase, imediatamente reconheci o verdadeiro e eterno papel de Deus. Com o tempo, atrav\u00e9s de aprofundar nos estudos do conhecimento espiritual tudo se tornou mais claro ainda. O que mais minha mente poderia desejar? Meu cora\u00e7\u00e3o transbordava de amor e gratid\u00e3o. Desde ent\u00e3o nada na minha vida se tornou mais importante e prazeroso do que fortalecer cada vez mais esse relacionamento com Ele.\u201d<\/p><\/blockquote><p>\u00a0<\/p><p><strong>Francis Coviello<\/strong>, engenheiro el\u00e9trico, atua com projetos de sustentabilidade e energia solar. Estuda e pr\u00e1tica medita\u00e7\u00e3o Raja Yoga h\u00e1 7 anos. (Serra Negra\/SP)<\/p>                        <\/div>\r\n                    <\/div>\r\n                                    <div class=\"bdt-accordion-item\">\r\n                        <div class=\"bdt-accordion-title bdt-flex bdt-flex-middle bdt-flex-between\" id=\"bdt-accordion-vladimir-oriani\" data-accordion-index=\"9\" data-title=\"vladimir-oriani\" role=\"heading\">\r\n\r\n                                                            <span class=\"bdt-accordion-icon bdt-flex-align-right\" aria-hidden=\"true\">\r\n\r\n                                                                            <span class=\"bdt-accordion-icon-closed\">\r\n                                            <i aria-hidden=\"true\" class=\"fa-fw fas fa-plus\"><\/i>                                        <\/span>\r\n                                    \r\n                                                                            <span class=\"bdt-accordion-icon-opened\">\r\n                                            <i aria-hidden=\"true\" class=\"fa-fw fas fa-minus\"><\/i>                                        <\/span>\r\n                                    \r\n                                <\/span>\r\n                            \r\n                            <span class=\"bdt-title bdt-flex bdt-flex-middle\">\r\n\r\n                                                                Vladimir Oriani                            <\/span>\r\n\r\n                        <\/div>\r\n                        <div class=\"bdt-accordion-content\">\r\n                            <blockquote><p>&#8220;Hoje experimento Deus como aquele que ilumina minhas decis\u00f5es, meu protetor. N\u00e3o O sinto como um muro de lamenta\u00e7\u00f5es. Ele \u00e9 um amigo poderoso e sinto sua for\u00e7a nas horas dif\u00edceis. Ele existe, por\u00e9m n\u00e3o est\u00e1 diante de mim fisicamente. Minha conex\u00e3o \u00e9 sutil e apenas um pensamento j\u00e1 sinto sua presen\u00e7a, sua luz, sua serenidade. Assim como um pai, apenas com um olhar a corre\u00e7\u00e3o est\u00e1 estabelecida, mas ao mesmo tempo \u00e9 um oceano de amor.\u201d<\/p><\/blockquote><p>\u00a0<\/p><p><strong>Vladimir Oriani<\/strong>, empres\u00e1rio, professor de medita\u00e7\u00e3o Raja Yoga h\u00e1 mais de 20 anos. (Porto Seguro\/BA)<\/p>                        <\/div>\r\n                    <\/div>\r\n                                    <div class=\"bdt-accordion-item\">\r\n                        <div class=\"bdt-accordion-title bdt-flex bdt-flex-middle bdt-flex-between\" id=\"bdt-accordion-erica-berto\" data-accordion-index=\"10\" data-title=\"erica-berto\" role=\"heading\">\r\n\r\n                                                            <span class=\"bdt-accordion-icon bdt-flex-align-right\" aria-hidden=\"true\">\r\n\r\n                                                                            <span class=\"bdt-accordion-icon-closed\">\r\n                                            <i aria-hidden=\"true\" class=\"fa-fw fas fa-plus\"><\/i>                                        <\/span>\r\n                                    \r\n                                                                            <span class=\"bdt-accordion-icon-opened\">\r\n                                            <i aria-hidden=\"true\" class=\"fa-fw fas fa-minus\"><\/i>                                        <\/span>\r\n                                    \r\n                                <\/span>\r\n                            \r\n                            <span class=\"bdt-title bdt-flex bdt-flex-middle\">\r\n\r\n                                                                Erica Berto                            <\/span>\r\n\r\n                        <\/div>\r\n                        <div class=\"bdt-accordion-content\">\r\n                            <blockquote><p>&#8220;A minha experi\u00eancia com Deus \u00e9 que Ele \u00e9 meu Amigo e est\u00e1 dispon\u00edvel 24 horas por dia! Claro que para eu experimentar meu Amigo Deus eu preciso estar consciente de que eu tamb\u00e9m sou um ser espiritual, mas este empenho traz bons resultados. Atrav\u00e9s dos meus pensamentos eu converso com o meu Amigo e j\u00e1 estive momentos em que tive d\u00favidas sobre o que decidir em minha vida e ao contar para o meu Amigo, eu tive clareza de qual decis\u00e3o tomar. Deus tamb\u00e9m \u00e9 conhecido como Oceano de Pureza, ao me lembrar Dele imediatamente recebo esta energia pura que limpa minha mente e eu recupero a clareza do que \u00e9 melhor para mim.\u201d<\/p><\/blockquote><p>\u00a0<\/p><p><strong>Erica Berto<\/strong> \u00e9 diretora de tecnologia, pratica medita\u00e7\u00e3o Raja Yoga h\u00e1 12 anos, professora de medita\u00e7\u00e3o e cursos de qualidade de vida da Brahma Kumaris. (S\u00e3o Paulo\/SP)<\/p>                        <\/div>\r\n                    <\/div>\r\n                                    <div class=\"bdt-accordion-item\">\r\n                        <div class=\"bdt-accordion-title bdt-flex bdt-flex-middle bdt-flex-between\" id=\"bdt-accordion-rosngela-percicotti\" data-accordion-index=\"11\" data-title=\"ros-ngela-percicotti\" role=\"heading\">\r\n\r\n                                                            <span class=\"bdt-accordion-icon bdt-flex-align-right\" aria-hidden=\"true\">\r\n\r\n                                                                            <span class=\"bdt-accordion-icon-closed\">\r\n                                            <i aria-hidden=\"true\" class=\"fa-fw fas fa-plus\"><\/i>                                        <\/span>\r\n                                    \r\n                                                                            <span class=\"bdt-accordion-icon-opened\">\r\n                                            <i aria-hidden=\"true\" class=\"fa-fw fas fa-minus\"><\/i>                                        <\/span>\r\n                                    \r\n                                <\/span>\r\n                            \r\n                            <span class=\"bdt-title bdt-flex bdt-flex-middle\">\r\n\r\n                                                                Ros\u00e2ngela Percicotti                            <\/span>\r\n\r\n                        <\/div>\r\n                        <div class=\"bdt-accordion-content\">\r\n                            <blockquote><p>\u201cHouve um tempo em que culpava Deus por tudo o que acontecia em minha vida. Por que isto est\u00e1 me acontecendo? Por que tanto sofrimento? Se voc\u00ea \u00e9 realmente Deus porque deixa que tanta coisa ruim aconte\u00e7a? At\u00e9 que um dia minhas perguntas foram respondidas atrav\u00e9s do estudo profundo do conhecimento do Raja Yoga.<\/p><p>Comecei a entender quem era Deus e mais importante, entendi quem era eu. Hoje passo por muitas dificuldades como qualquer ser humano, entretanto, aceito melhor os altos e baixos da vida e entendo que tudo tem um porqu\u00ea e que tudo \u00e9 ben\u00e9fico, mesmo as adversidades.\u201d<\/p><\/blockquote><p>\u00a0<\/p><p><strong>Ros\u00e2ngela Percicotti<\/strong> \u00e9 administradora aposentada, pratica medita\u00e7\u00e3o h\u00e1 21 anos e possui uma sala para atividades de Raja Yoga em sua resid\u00eancia. (Curitiba\/PR)<\/p>                        <\/div>\r\n                    <\/div>\r\n                                    <div class=\"bdt-accordion-item\">\r\n                        <div class=\"bdt-accordion-title bdt-flex bdt-flex-middle bdt-flex-between\" id=\"bdt-accordion-rosngela-palmeira\" data-accordion-index=\"12\" data-title=\"ros-ngela-palmeira\" role=\"heading\">\r\n\r\n                                                            <span class=\"bdt-accordion-icon bdt-flex-align-right\" aria-hidden=\"true\">\r\n\r\n                                                                            <span class=\"bdt-accordion-icon-closed\">\r\n                                            <i aria-hidden=\"true\" class=\"fa-fw fas fa-plus\"><\/i>                                        <\/span>\r\n                                    \r\n                                                                            <span class=\"bdt-accordion-icon-opened\">\r\n                                            <i aria-hidden=\"true\" class=\"fa-fw fas fa-minus\"><\/i>                                        <\/span>\r\n                                    \r\n                                <\/span>\r\n                            \r\n                            <span class=\"bdt-title bdt-flex bdt-flex-middle\">\r\n\r\n                                                                Ros\u00e2ngela Palmeira                            <\/span>\r\n\r\n                        <\/div>\r\n                        <div class=\"bdt-accordion-content\">\r\n                            <blockquote><p>\u201cMinha vida se tornou muito rica em aquisi\u00e7\u00f5es espirituais quando, ao iniciar a pr\u00e1tica da Medita\u00e7\u00e3o Raja Yoga, descobri que Deus estava dispon\u00edvel para ser o meu Companheiro. A partir desta descoberta, a cada pensamento, tornei-me Sua companheira e percebi que o amor e a felicidade preencheram o meu ser, e que a alegria, a leveza, a despreocupa\u00e7\u00e3o e coragem se tornaram presentes em meus passos. Ficou evidente a minha seguran\u00e7a e capacidade de sustentar a paz e a positividade em minhas intera\u00e7\u00f5es com o mundo. Hoje, sou capaz de identificar o benef\u00edcio que cada situa\u00e7\u00e3o me traz, pois agora o meu intelecto \u00e9 nutrido pela sabedoria divina.\u201d<\/p><\/blockquote><p>\u00a0<\/p><p><strong>Ros\u00e2ngela Maria Palmeira da Silva<\/strong> \u00e9 contadora, professora de Raja Yoga e cursos de qualidade de vida, coordena o Centro de Retiros de Vilas do Atl\u00e2ntico. (Lauro de Freitas\/BA)<\/p>                        <\/div>\r\n                    <\/div>\r\n                                    <div class=\"bdt-accordion-item\">\r\n                        <div class=\"bdt-accordion-title bdt-flex bdt-flex-middle bdt-flex-between\" id=\"bdt-accordion-daura-maria-de-carvalho\" data-accordion-index=\"13\" data-title=\"daura-maria-de-carvalho\" role=\"heading\">\r\n\r\n                                                            <span class=\"bdt-accordion-icon bdt-flex-align-right\" aria-hidden=\"true\">\r\n\r\n                                                                            <span class=\"bdt-accordion-icon-closed\">\r\n                                            <i aria-hidden=\"true\" class=\"fa-fw fas fa-plus\"><\/i>                                        <\/span>\r\n                                    \r\n                                                                            <span class=\"bdt-accordion-icon-opened\">\r\n                                            <i aria-hidden=\"true\" class=\"fa-fw fas fa-minus\"><\/i>                                        <\/span>\r\n                                    \r\n                                <\/span>\r\n                            \r\n                            <span class=\"bdt-title bdt-flex bdt-flex-middle\">\r\n\r\n                                                                Daura Maria de Carvalho                            <\/span>\r\n\r\n                        <\/div>\r\n                        <div class=\"bdt-accordion-content\">\r\n                            <blockquote><p>\u201cMinha experi\u00eancia com Deus \u00e9 algo muito pr\u00e1tico e objetivo. Deus \u00e9 o meu Guia. Ele \u00e9 meu Conselheiro. E todas \u00e0s vezes que eu preciso tomar uma decis\u00e3o ou tenho alguma d\u00favida, eu converso com Ele. Eu pergunto para Ele. \u00c9 uma conversa curta &#8211; de 2 a 3 minutos, n\u00e3o mais que isso. Terminando a conversa eu fico desapegada e vou fazer minhas tarefas. E a resposta vem clara, n\u00edtida. Ent\u00e3o eu dan\u00e7o de alegria. Tenho esta experi\u00eancia sempre.\u201d<\/p><\/blockquote><p>\u00a0<\/p><p><strong>Daura Maria de Carvalho<\/strong> \u00e9 jornalista aposentada, coordena o N\u00facleo de Raja Yoga em Uberl\u00e2ndia\/MG.<\/p>                        <\/div>\r\n                    <\/div>\r\n                                    <div class=\"bdt-accordion-item\">\r\n                        <div class=\"bdt-accordion-title bdt-flex bdt-flex-middle bdt-flex-between\" id=\"bdt-accordion-loiva-helena-bauer\" data-accordion-index=\"14\" data-title=\"loiva-helena-bauer\" role=\"heading\">\r\n\r\n                                                            <span class=\"bdt-accordion-icon bdt-flex-align-right\" aria-hidden=\"true\">\r\n\r\n                                                                            <span class=\"bdt-accordion-icon-closed\">\r\n                                            <i aria-hidden=\"true\" class=\"fa-fw fas fa-plus\"><\/i>                                        <\/span>\r\n                                    \r\n                                                                            <span class=\"bdt-accordion-icon-opened\">\r\n                                            <i aria-hidden=\"true\" class=\"fa-fw fas fa-minus\"><\/i>                                        <\/span>\r\n                                    \r\n                                <\/span>\r\n                            \r\n                            <span class=\"bdt-title bdt-flex bdt-flex-middle\">\r\n\r\n                                                                Loiva Helena Bauer                            <\/span>\r\n\r\n                        <\/div>\r\n                        <div class=\"bdt-accordion-content\">\r\n                            <blockquote><p>\u201cDeus para mim \u00e9 um Porto Seguro, meu Toldo de Prote\u00e7\u00e3o. Na conex\u00e3o com Deus experimento for\u00e7a e poder espiritual que me anima e fortalece minha energia vital. Essa for\u00e7a divina \u00e9 como um ant\u00eddoto, uma m\u00e1gica que liberta, que cura e me protege de armadilhas e apegos que aprisionam.\u201d<\/p><\/blockquote><p>\u00a0<\/p><p><strong>Loiva Helena Bauer<\/strong> \u00e9 servidora P\u00fablica, coordena o N\u00facleo de Raja Yoga de Lajeado\/RS.<\/p>                        <\/div>\r\n                    <\/div>\r\n                                    <div class=\"bdt-accordion-item\">\r\n                        <div class=\"bdt-accordion-title bdt-flex bdt-flex-middle bdt-flex-between\" id=\"bdt-accordion-paulo-barros\" data-accordion-index=\"15\" data-title=\"paulo-barros\" role=\"heading\">\r\n\r\n                                                            <span class=\"bdt-accordion-icon bdt-flex-align-right\" aria-hidden=\"true\">\r\n\r\n                                                                            <span class=\"bdt-accordion-icon-closed\">\r\n                                            <i aria-hidden=\"true\" class=\"fa-fw fas fa-plus\"><\/i>                                        <\/span>\r\n                                    \r\n                                                                            <span class=\"bdt-accordion-icon-opened\">\r\n                                            <i aria-hidden=\"true\" class=\"fa-fw fas fa-minus\"><\/i>                                        <\/span>\r\n                                    \r\n                                <\/span>\r\n                            \r\n                            <span class=\"bdt-title bdt-flex bdt-flex-middle\">\r\n\r\n                                                                Paulo Barros                            <\/span>\r\n\r\n                        <\/div>\r\n                        <div class=\"bdt-accordion-content\">\r\n                            <blockquote><p>\u201cDesde que comecei a praticar a medita\u00e7\u00e3o raja yoga com os brahma kumaris, tenho aprendido a lembrar-me de Deus. Tenho aprendido tamb\u00e9m que Ele \u00e9 o confortador de cora\u00e7\u00f5es, o pai, a m\u00e3e, o amigo e o guia espiritual. \u00c0 medida que tenho me aprofundado nessa compreens\u00e3o e experi\u00eancia, percebo que Deus \u00e9 uma personalidade amorosa, pr\u00f3xima e que sua vis\u00e3o sobre mim \u00e9 elevada e pura, pois, apesar de reconhecer que preciso transformar tra\u00e7os negativos de minha personalidade, sua vis\u00e3o recai sobre as minhas virtudes e especialidades, necess\u00e1rias para ajud\u00e1-lo na transforma\u00e7\u00e3o do mundo.\u201d<\/p><\/blockquote><p>\u00a0<\/p><p><strong>Paulo Barros<\/strong> \u00e9 Mestre em Hist\u00f3ria, educador e professor na Brahma Kumaris h\u00e1 29 anos. (Fortaleza\/CE)<\/p>                        <\/div>\r\n                    <\/div>\r\n                                    <div class=\"bdt-accordion-item\">\r\n                        <div class=\"bdt-accordion-title bdt-flex bdt-flex-middle bdt-flex-between\" id=\"bdt-accordion-pen-lan-chang-neto\" data-accordion-index=\"16\" data-title=\"pen-lan-chang-neto\" role=\"heading\">\r\n\r\n                                                            <span class=\"bdt-accordion-icon bdt-flex-align-right\" aria-hidden=\"true\">\r\n\r\n                                                                            <span class=\"bdt-accordion-icon-closed\">\r\n                                            <i aria-hidden=\"true\" class=\"fa-fw fas fa-plus\"><\/i>                                        <\/span>\r\n                                    \r\n                                                                            <span class=\"bdt-accordion-icon-opened\">\r\n                                            <i aria-hidden=\"true\" class=\"fa-fw fas fa-minus\"><\/i>                                        <\/span>\r\n                                    \r\n                                <\/span>\r\n                            \r\n                            <span class=\"bdt-title bdt-flex bdt-flex-middle\">\r\n\r\n                                                                Pen Lan Chang Neto                            <\/span>\r\n\r\n                        <\/div>\r\n                        <div class=\"bdt-accordion-content\">\r\n                            <blockquote><p>&#8220;Ao pensar em escrever sobre Deus, o Pai, uma emo\u00e7\u00e3o muito forte invade todo o ser. Deus \u00e9 Aquele que me encontrou e cuidou de mim, e mesmo quando eu n\u00e3o estava com Ele, agora sei, Ele estava comigo. E ao receber-me de volta, Ele me fez sentir que, na verdade, sempre estivemos juntos. Para mim, o amor de Deus \u00e9 o som do sil\u00eancio, o amor que transforma o imposs\u00edvel em poss\u00edvel.\u201d<\/p><\/blockquote><p><br \/><strong>Pen Lan Chang Neto<\/strong> \u00e9 banc\u00e1rio, coordenador do ponto de atividades da Brahma Kumaris em Torres\/RS.<\/p>                        <\/div>\r\n                    <\/div>\r\n                                    <div class=\"bdt-accordion-item\">\r\n                        <div class=\"bdt-accordion-title bdt-flex bdt-flex-middle bdt-flex-between\" id=\"bdt-accordion-marilene-mayrink-de-castro\" data-accordion-index=\"17\" data-title=\"marilene-mayrink-de-castro\" role=\"heading\">\r\n\r\n                                                            <span class=\"bdt-accordion-icon bdt-flex-align-right\" aria-hidden=\"true\">\r\n\r\n                                                                            <span class=\"bdt-accordion-icon-closed\">\r\n                                            <i aria-hidden=\"true\" class=\"fa-fw fas fa-plus\"><\/i>                                        <\/span>\r\n                                    \r\n                                                                            <span class=\"bdt-accordion-icon-opened\">\r\n                                            <i aria-hidden=\"true\" class=\"fa-fw fas fa-minus\"><\/i>                                        <\/span>\r\n                                    \r\n                                <\/span>\r\n                            \r\n                            <span class=\"bdt-title bdt-flex bdt-flex-middle\">\r\n\r\n                                                                Marilene Mayrink de Castro                            <\/span>\r\n\r\n                        <\/div>\r\n                        <div class=\"bdt-accordion-content\">\r\n                            <blockquote><p>\u201cComecei a experimentar Deus logo quando entendi que, por direito sou Sua filha e O coloquei em minha vida como um Professor, Pai, Guia, e como um Cirurgi\u00e3o eu O experienciei curando as feridas da alma que tanto me incomodavam.\u201d<\/p><\/blockquote><p>\u00a0<\/p><p><strong>Marilene Mayrink de Castro<\/strong> \u00e9 massoterapeuta, membro da Brahma Kumaris h\u00e1 29 anos, instrutora de cursos, palestras e membro da equipe de coordena\u00e7\u00e3o da Brahma Kumaris em Belo Horizonte\/MG.<\/p>                        <\/div>\r\n                    <\/div>\r\n                                    <div class=\"bdt-accordion-item\">\r\n                        <div class=\"bdt-accordion-title bdt-flex bdt-flex-middle bdt-flex-between\" id=\"bdt-accordion-mariana-santos\" data-accordion-index=\"18\" data-title=\"mariana-santos\" role=\"heading\">\r\n\r\n                                                            <span class=\"bdt-accordion-icon bdt-flex-align-right\" aria-hidden=\"true\">\r\n\r\n                                                                            <span class=\"bdt-accordion-icon-closed\">\r\n                                            <i aria-hidden=\"true\" class=\"fa-fw fas fa-plus\"><\/i>                                        <\/span>\r\n                                    \r\n                                                                            <span class=\"bdt-accordion-icon-opened\">\r\n                                            <i aria-hidden=\"true\" class=\"fa-fw fas fa-minus\"><\/i>                                        <\/span>\r\n                                    \r\n                                <\/span>\r\n                            \r\n                            <span class=\"bdt-title bdt-flex bdt-flex-middle\">\r\n\r\n                                                                Mariana Santos                            <\/span>\r\n\r\n                        <\/div>\r\n                        <div class=\"bdt-accordion-content\">\r\n                            <blockquote><p>\u201cCom Seu amor misericordioso aprendi que \u00e9 importante primeiro amar meu eu verdadeiro para me transformar. Com Seu conhecimento aprendi a discernir entre o que \u00e9 bom para a alma e o que n\u00e3o \u00e9. Com Seu sil\u00eancio aprendi a tamb\u00e9m silenciar as emo\u00e7\u00f5es e ir a um estado mais profundo, no qual encontro todas as respostas. Com Sua vis\u00e3o benevolente tenho aprendido a ver a ess\u00eancia pura de cada um e a interagir de alma para alma.\u201d<\/p><\/blockquote><p>\u00a0<\/p><p><strong>Mariana Schmidt Rodrigues Santos<\/strong> \u00e9 designer gr\u00e1fica, estuda e pratica Raja Yoga na Brahma Kumaris h\u00e1 9 anos. (S\u00e3o Paulo\/SP)<\/p>                        <\/div>\r\n                    <\/div>\r\n                            <\/div>\r\n        <\/div>\r\n\t\t<\/div>\n\t\t\t\t<\/div>\n\t\t\t\t\t<\/div>\n\t\t<\/div>\n\t\t\t\t\t\t\t<\/div>\n\t\t<\/section>\n\t\t\t\t<section class=\"elementor-section elementor-top-section elementor-element elementor-element-f4778d9 elementor-section-boxed elementor-section-height-default elementor-section-height-default\" data-id=\"f4778d9\" data-element_type=\"section\" data-settings=\"{&quot;_ha_eqh_enable&quot;:false}\">\n\t\t\t\t\t\t<div class=\"elementor-container elementor-column-gap-default\">\n\t\t\t\t\t<div class=\"elementor-column elementor-col-100 elementor-top-column elementor-element elementor-element-f91e577\" data-id=\"f91e577\" data-element_type=\"column\">\n\t\t\t<div class=\"elementor-widget-wrap\">\n\t\t\t\t\t\t\t\t\t<\/div>\n\t\t<\/div>\n\t\t\t\t\t\t\t<\/div>\n\t\t<\/section>\n\t\t\t\t<section class=\"elementor-section elementor-top-section elementor-element elementor-element-3a9b2e37 elementor-section-full_width elementor-section-height-default elementor-section-height-default\" data-id=\"3a9b2e37\" data-element_type=\"section\" data-settings=\"{&quot;_ha_eqh_enable&quot;:false}\">\n\t\t\t\t\t\t<div class=\"elementor-container elementor-column-gap-default\">\n\t\t\t\t\t<div class=\"elementor-column elementor-col-100 elementor-top-column elementor-element elementor-element-4eeb1718\" data-id=\"4eeb1718\" data-element_type=\"column\">\n\t\t\t<div class=\"elementor-widget-wrap elementor-element-populated\">\n\t\t\t\t\t\t\t\t<div class=\"elementor-element elementor-element-7123b32f elementor-widget elementor-widget-text-editor\" data-id=\"7123b32f\" data-element_type=\"widget\" data-widget_type=\"text-editor.default\">\n\t\t\t\t<div class=\"elementor-widget-container\">\n\t\t\t\t\t\t\t<p>\u00a9 2022 Brahma Kumaris<\/p>\t\t\t\t\t\t<\/div>\n\t\t\t\t<\/div>\n\t\t\t\t\t<\/div>\n\t\t<\/div>\n\t\t\t\t\t\t\t<\/div>\n\t\t<\/section>\n\t\t\t\t\t\t<\/div>\n\t\t\t\t\t<\/div>\n\t\t","protected":false},"excerpt":{"rendered":"<p>Abertura Introdu\u00e7\u00e3o As Qualidades de Deus As Faces de Deus Experi\u00eancias Pessoais Medita\u00e7\u00f5es Cr\u00e9ditos Experi\u00eancias Pessoais\u200b Depoimentos de alguns professores da Brahma Kumaris Ricardo Hamada \u201cSomos seres espirituais, vivendo uma experi\u00eancia corp\u00f3rea. Somos a energia consciente que move este corpo. E do mesmo modo Deus tamb\u00e9m \u00e9 energia consciente, mas n\u00e3o tem um corpo. Somos [&hellip;]<\/p>\n","protected":false},"author":1,"featured_media":0,"parent":0,"menu_order":4,"comment_status":"closed","ping_status":"closed","template":"","meta":[],"_links":{"self":[{"href":"https:\/\/www.brahmakumaris.org.br\/deus\/wp-json\/wp\/v2\/pages\/1624"}],"collection":[{"href":"https:\/\/www.brahmakumaris.org.br\/deus\/wp-json\/wp\/v2\/pages"}],"about":[{"href":"https:\/\/www.brahmakumaris.org.br\/deus\/wp-json\/wp\/v2\/types\/page"}],"author":[{"embeddable":true,"href":"https:\/\/www.brahmakumaris.org.br\/deus\/wp-json\/wp\/v2\/users\/1"}],"replies":[{"embeddable":true,"href":"https:\/\/www.brahmakumaris.org.br\/deus\/wp-json\/wp\/v2\/comments?post=1624"}],"version-history":[{"count":147,"href":"https:\/\/www.brahmakumaris.org.br\/deus\/wp-json\/wp\/v2\/pages\/1624\/revisions"}],"predecessor-version":[{"id":2177,"href":"https:\/\/www.brahmakumaris.org.br\/deus\/wp-json\/wp\/v2\/pages\/1624\/revisions\/2177"}],"wp:attachment":[{"href":"https:\/\/www.brahmakumaris.org.br\/deus\/wp-json\/wp\/v2\/media?parent=1624"}],"curies":[{"name":"wp","href":"https:\/\/api.w.org\/{rel}","templated":true}]}}